{"id":7071,"date":"2023-08-25T09:40:28","date_gmt":"2023-08-25T08:40:28","guid":{"rendered":"https:\/\/republify.se\/?post_type=product&#038;p=7071"},"modified":"2026-01-09T08:41:17","modified_gmt":"2026-01-09T07:41:17","slug":"effektiva-projekt-i-offentlig-sektor","status":"publish","type":"product","link":"https:\/\/republify.se\/index.php\/produkt\/effektiva-projekt-i-offentlig-sektor\/","title":{"rendered":"Effektiva Projekt i offentlig sektor"},"content":{"rendered":"<h4><strong><b>Har du h\u00f6rt talas om projekt som inte riktigt g\u00e5r som det var t\u00e4nkt? Projekt som kanske missar m\u00e5len, om det nu ens finns tydliga och kommunicerade m\u00e5l.<\/b><\/strong><\/h4>\n<p>Ibland f\u00f6rekommer det projekt d\u00e4r roller och ansvar \u00e4r v\u00e4ldigt otydliga och kanske t o m flyter ihop och man vet inte riktigt vem som \u00e4r ansvarig f\u00f6r vad.<br \/>\nOch n\u00e4r vi v\u00e4l genomf\u00f6rt projektet, vet vi d\u00e5 om det skapade den nytta eller effekt som vi t\u00e4nkt oss fr\u00e5n b\u00f6rjan? Om inte, har vi d\u00e5 en process f\u00f6r erfarenhets\u00e5terf\u00f6ring s\u00e5 att vi l\u00e4r oss av det vi gjort?<\/p>\n<h4>Du f\u00e5r l\u00e4ra dig:<\/h4>\n<p>M\u00e5let med utbildningen \u00e4r att du ska ha f\u00e5tt en \u00f6kad f\u00f6rst\u00e5else f\u00f6r vad det kr\u00e4vs f\u00f6r yttre f\u00f6ruts\u00e4ttningar f\u00f6r p\u00e5 mest effektiva s\u00e4tt genomf\u00f6ra ett projekt. Fokus ligger p\u00e5 att anv\u00e4nda projektets resurser \u2013 s\u00e5v\u00e4l m\u00e4nskliga, ekonomiska och materiella, p\u00e5 b\u00e4sta m\u00f6jliga s\u00e4tt f\u00f6r att n\u00e5 projektets alla m\u00e5l. P\u00e5 s\u00e5 s\u00e4tt kan vi skapa f\u00f6ruts\u00e4ttningar f\u00f6r att f\u00e5 ut mesta m\u00f6jliga \u2013 pricks\u00e4kra \u2013 effekt ur varje enskilt projekt.<\/p>\n<h4>Inneh\u00e5ll:<\/h4>\n<h4>F\u00f6re<\/h4>\n<p>V\u00e4l kommunicerade effektm\u00e5l f\u00f6r projektet \u2013 vilken nytta\/effekt kommer projektet att leda till?<br \/>\nTydliga och identifierade mottagare av nyttan\/effekten<br \/>\nProcessen f\u00f6r nyttorealisering<br \/>\nV\u00e4ldefinerade roller, ansvar och befogenheter i projektet<br \/>\nVilken dokumentation beh\u00f6ver vi i detta projektet?<br \/>\nPlanering med fokus p\u00e5 nyttan<br \/>\nKommunikationsplan \u2013 vem beh\u00f6ver f\u00e5 info om vad. Och n\u00e4r?<\/p>\n<h4>Under<\/h4>\n<p>T\u00e4ta och effektiva avst\u00e4mningar \u2013 \u00e4r vi p\u00e5 r\u00e4tt v\u00e4g?<br \/>\nFokuserade projektm\u00f6ten<br \/>\nAtt h\u00e5lla intressenterna informerade och engagerade<br \/>\nVad g\u00f6r vi n\u00e4r det uppst\u00e5r avvikelser?<\/p>\n<h4>Efter<\/h4>\n<p>Effekthemtagning \u2013 hur s\u00e4krar vi att vi n\u00e5tt dit vi skulle<br \/>\nLessons learned \u2013 vilka erfarenheter drar vi fr\u00e5n projektet och hur kan vi sprida dessa vidare?<\/p>\n<h4>Vad ska jag kunna innan?<\/h4>\n<p>Du b\u00f6r ha en viss erfarenhet av projektarbete eller projektledning<\/p>\n<p>&nbsp;<\/p>\n<h3>Kursen levereras i samarbete med Project Academy<\/h3>\n","protected":false},"excerpt":{"rendered":"<p><strong>Denna utbildning \u00e4r anpassad f\u00f6r dig som redan \u00e4r projektledare eller blivande projektledare, projektbest\u00e4llare, verksamhetschef eller nyckeldeltagare i projekt. <\/strong><\/p>\n<p>Syftet med utbildningen \u00e4r att du ska ha f\u00e5tt en \u00f6kad f\u00f6rst\u00e5else f\u00f6r vad det kr\u00e4vs f\u00f6r yttre f\u00f6ruts\u00e4ttningar f\u00f6r p\u00e5 mest effektiva s\u00e4tt genomf\u00f6ra ett projekt. Utbildningen riktar sig dels till organisationer som inte har en befintlig styrmodell men mappar \u00e4ven v\u00e4l in i Pejl, PPS, Projektil m fl<\/p>\n","protected":false},"featured_media":4426,"comment_status":"open","ping_status":"closed","template":"","meta":{"wds_primary_product_brand":0,"wds_primary_product_cat":0},"product_brand":[],"product_cat":[51,28,129],"product_tag":[],"class_list":{"0":"post-7071","1":"product","2":"type-product","3":"status-publish","4":"has-post-thumbnail","6":"product_cat-projektledning","7":"product_cat-teamship","8":"product_cat-utbildning","10":"first","11":"instock","12":"taxable","13":"shipping-taxable","14":"purchasable","15":"product-type-simple"},"jetpack_sharing_enabled":true,"_links":{"self":[{"href":"https:\/\/republify.se\/index.php\/wp-json\/wp\/v2\/product\/7071","targetHints":{"allow":["GET"]}}],"collection":[{"href":"https:\/\/republify.se\/index.php\/wp-json\/wp\/v2\/product"}],"about":[{"href":"https:\/\/republify.se\/index.php\/wp-json\/wp\/v2\/types\/product"}],"replies":[{"embeddable":true,"href":"https:\/\/republify.se\/index.php\/wp-json\/wp\/v2\/comments?post=7071"}],"wp:featuredmedia":[{"embeddable":true,"href":"https:\/\/republify.se\/index.php\/wp-json\/wp\/v2\/media\/4426"}],"wp:attachment":[{"href":"https:\/\/republify.se\/index.php\/wp-json\/wp\/v2\/media?parent=7071"}],"wp:term":[{"taxonomy":"product_brand","embeddable":true,"href":"https:\/\/republify.se\/index.php\/wp-json\/wp\/v2\/product_brand?post=7071"},{"taxonomy":"product_cat","embeddable":true,"href":"https:\/\/republify.se\/index.php\/wp-json\/wp\/v2\/product_cat?post=7071"},{"taxonomy":"product_tag","embeddable":true,"href":"https:\/\/republify.se\/index.php\/wp-json\/wp\/v2\/product_tag?post=7071"}],"curies":[{"name":"wp","href":"https:\/\/api.w.org\/{rel}","templated":true}]}}